{"id":26679,"date":"2024-04-22T12:29:44","date_gmt":"2024-04-22T16:29:44","guid":{"rendered":"https:\/\/world.dan.org\/?post_type=dan_alert_diver&#038;p=26679"},"modified":"2024-04-22T12:29:49","modified_gmt":"2024-04-22T16:29:49","slug":"melissa-ilardo","status":"publish","type":"dan_alert_diver","link":"https:\/\/world.dan.org\/es\/alert-diver\/article\/melissa-ilardo\/","title":{"rendered":"Melissa Ilardo"},"content":{"rendered":"<p>Melissa Ilardo, PhD, es una apasionada del trabajo en el inconfundible campo del an\u00e1lisis gen\u00e9tico de individuos, principalmente las poblaciones ind\u00edgenas que se han adaptado a estilos de vida o entornos \u00fanicos.<\/p>\n\n\n\n<p>Despu\u00e9s de obtener su t\u00edtulo universitario en 2011 y finalizar un m\u00e1ster en el Instituto de Astrobiolog\u00eda de la NASA (NASA Astrobiology Institute) en la Universidad de Haw\u00e1i (University of Hawai\u2018i), en 2013 compr\u00f3 un boleto de ida a India para trabajar como voluntaria en una escuela mientras pensaba qu\u00e9 quer\u00eda hacer con su doctorado. All\u00ed conoci\u00f3 a su director de tesis, Eske Willerslev, un defensor del compromiso \u00e9tico de las poblaciones ind\u00edgenas en la investigaci\u00f3n.&nbsp;<\/p>\n\n\n\n<p>Ilardo comenz\u00f3 su doctorado en gen\u00f3mica evolutiva en la Universidad de Copenhague (University of Copenhagen), Dinamarca, a finales de 2014 y se gradu\u00f3 en 2018. Complet\u00f3 dos programas de postdoctorado de dos a\u00f1os y medio simult\u00e1neamente: uno en la Universidad de California en Berkeley (University of California, Berkeley), con el director Rasmus Nielsen, PhD, que la asesor\u00f3 en sus estudios con el pueblo Bajau en Indonesia; el otro fue con Betty Leibold, PhD, en el departamento de hematolog\u00eda de la Universidad de Utah (University of Utah).&nbsp;<\/p>\n\n\n\n<p>Despu\u00e9s de pasar los a\u00f1os de la pandemia trabajando para la puesta en marcha del descubrimiento de f\u00e1rmacos con base en la gen\u00e9tica, Ilardo quiso retomar la investigaci\u00f3n y una carrera acad\u00e9mica en la Universidad de Utah, donde actualmente se desempe\u00f1a como profesora adjunta en el departamento de inform\u00e1tica biom\u00e9dica.<\/p>\n\n\n\n<div class=\"wp-block-columns is-layout-flex wp-container-core-columns-is-layout-9d6595d7 wp-block-columns-is-layout-flex\">\n<div class=\"wp-block-column is-layout-flow wp-block-column-is-layout-flow\" style=\"flex-basis:28%\">\n<figure class=\"wp-block-image size-full\"><img loading=\"lazy\" decoding=\"async\" width=\"279\" height=\"300\" src=\"https:\/\/world.dan.org\/wp-content\/uploads\/2024\/04\/Q1_123_Researcher-280x300-1.jpg\" alt=\"A Bajau sea nomad with his traditional houseboat\" class=\"wp-image-26680\" srcset=\"https:\/\/world.dan.org\/wp-content\/uploads\/2024\/04\/Q1_123_Researcher-280x300-1.jpg 279w, https:\/\/world.dan.org\/wp-content\/uploads\/2024\/04\/Q1_123_Researcher-280x300-1-11x12.jpg 11w\" sizes=\"auto, (max-width: 279px) 100vw, 279px\" \/><figcaption class=\"wp-element-caption\">Un n\u00f3made marino Bajau con su casa flotante tradicional\n\u00a9 STEPHEN FRINK<\/figcaption><\/figure>\n<\/div>\n\n\n\n<div class=\"wp-block-column is-layout-flow wp-block-column-is-layout-flow\" style=\"flex-basis:33%\">\n<figure class=\"wp-block-image size-full\"><img loading=\"lazy\" decoding=\"async\" width=\"325\" height=\"300\" src=\"https:\/\/world.dan.org\/wp-content\/uploads\/2024\/04\/Q1_125_Researcher-325x300-1.jpg\" alt=\"Ilardo prepares to work with ancient DNA in the clean lab\" class=\"wp-image-26682\" srcset=\"https:\/\/world.dan.org\/wp-content\/uploads\/2024\/04\/Q1_125_Researcher-325x300-1.jpg 325w, https:\/\/world.dan.org\/wp-content\/uploads\/2024\/04\/Q1_125_Researcher-325x300-1-13x12.jpg 13w\" sizes=\"auto, (max-width: 325px) 100vw, 325px\" \/><figcaption class=\"wp-element-caption\">Ilardo se prepara para trabajar con ADN antiguo en las limpias instalaciones del laboratorio del Centro de Geogen\u00e9tica (Center for GeoGenetics) de la Universidad de Copenhague (University of Copenhagen)\n\u00a9 HUGH MCCOLL<\/figcaption><\/figure>\n<\/div>\n\n\n\n<div class=\"wp-block-column is-layout-flow wp-block-column-is-layout-flow\" style=\"flex-basis:38%\">\n<figure class=\"wp-block-image size-full\"><img loading=\"lazy\" decoding=\"async\" width=\"373\" height=\"300\" src=\"https:\/\/world.dan.org\/wp-content\/uploads\/2024\/04\/Q1_129_Researcher-373x300-1.jpg\" alt=\"Melissa Ilardo\" class=\"wp-image-26686\" srcset=\"https:\/\/world.dan.org\/wp-content\/uploads\/2024\/04\/Q1_129_Researcher-373x300-1.jpg 373w, https:\/\/world.dan.org\/wp-content\/uploads\/2024\/04\/Q1_129_Researcher-373x300-1-360x290.jpg 360w, https:\/\/world.dan.org\/wp-content\/uploads\/2024\/04\/Q1_129_Researcher-373x300-1-15x12.jpg 15w\" sizes=\"auto, (max-width: 373px) 100vw, 373px\" \/><figcaption class=\"wp-element-caption\">Melissa Ilardo estudi\u00f3 el pueblo Bajau en Indonesia como parte de uno de sus programas postdoctorales\n\u00a9 CORY PARRIS<\/figcaption><\/figure>\n<\/div>\n<\/div>\n\n\n\n<h3 class=\"wp-block-heading\" id=\"h-what-drew-you-to-your-field\"><strong>\u00bfQu\u00e9 la llev\u00f3 a trabajar en su campo de inter\u00e9s?<\/strong><\/h3>\n\n\n\n<p>Estaba haciendo biolog\u00eda evolutiva te\u00f3rica en el Instituto de Astrobiolog\u00eda de la NASA, trabajando en el origen de la vida y biolog\u00eda evolutiva, que es muy abstracta, te\u00f3rica y computacional. Quer\u00eda estudiar evoluci\u00f3n, pero conectarla m\u00e1s a la interacci\u00f3n con personas.&nbsp;<\/p>\n\n\n\n<p>Me un\u00ed a un programa de doctorado con Eske Willerslev, un reconocido profesor de Dinamarca que fue el primero en secuenciar un genoma humano antiguo. Para el inicio de mi doctorado, trabaj\u00e9 con muestras humanas de 8.000 a\u00f1os de Siberia en un proyecto de ADN antiguo que disfrut\u00e9 mucho.<\/p>\n\n\n\n<h3 class=\"wp-block-heading\" id=\"h-you-are-an-avid-and-well-traveled-diver-how-did-you-get-into-the-sport-and-what-is-your-favorite-place-to-dive\"><strong>Es una buceadora apasionada y que ha viajado mucho. \u00bfC\u00f3mo se inici\u00f3 en el deporte y cu\u00e1l es su lugar favorito para bucear?<\/strong><\/h3>\n\n\n\n<p>Mi padre ha practicado buceo desde que estuvo disponible para el p\u00fablico, por lo que vol\u00e1bamos con frecuencia al Caribe desde nuestra casa en Carolina del Norte. Me encantaba el agua, as\u00ed que consegu\u00ed mi certificaci\u00f3n de buceo en cuanto tuve la edad suficiente y obtuve la aprobaci\u00f3n de mi mam\u00e1.&nbsp;<\/p>\n\n\n\n<p>Me resulta dif\u00edcil elegir mi punto de buceo favorito. Cuando era peque\u00f1a iba con frecuencia a Gran Caim\u00e1n, por lo que ocupa un lugar especial en mi coraz\u00f3n. Pero el mejor lugar estaba cerca de Komodo en Indonesia.<\/p>\n\n\n\n<figure class=\"wp-block-image size-full\"><img loading=\"lazy\" decoding=\"async\" width=\"900\" height=\"497\" src=\"https:\/\/world.dan.org\/wp-content\/uploads\/2024\/04\/Q1_128_Researcher-900x500-1.jpg\" alt=\"A lone diver leaves the village in his dugout canoe.\" class=\"wp-image-26685\" srcset=\"https:\/\/world.dan.org\/wp-content\/uploads\/2024\/04\/Q1_128_Researcher-900x500-1.jpg 900w, https:\/\/world.dan.org\/wp-content\/uploads\/2024\/04\/Q1_128_Researcher-900x500-1-360x199.jpg 360w, https:\/\/world.dan.org\/wp-content\/uploads\/2024\/04\/Q1_128_Researcher-900x500-1-768x424.jpg 768w, https:\/\/world.dan.org\/wp-content\/uploads\/2024\/04\/Q1_128_Researcher-900x500-1-18x10.jpg 18w\" sizes=\"auto, (max-width: 900px) 100vw, 900px\" \/><figcaption class=\"wp-element-caption\">Un buzo solitario deja el pueblo en su canoa\n\u00a9 MELISSA LLARDO<\/figcaption><\/figure>\n\n\n\n<h3 class=\"wp-block-heading\" id=\"h-how-did-you-find-your-niche-area-of-research-working-with-freediving-indigenous-populations\"><strong>\u00bfC\u00f3mo encontr\u00f3 su \u00e1rea espec\u00edfica de investigaci\u00f3n trabajando con poblaciones de buceo en apnea ind\u00edgenas?<\/strong><\/h3>\n\n\n\n<p>Estaba trabajando en mi doctorado cuando una compa\u00f1era de trabajo estaba prepar\u00e1ndose para un viaje de investigaci\u00f3n a Tailandia para un proyecto de genoma del coral y mencion\u00f3 que tal vez necesitar\u00eda un buzo. Esa parec\u00eda una oportunidad \u00fanica, e inmediatamente me ofrec\u00ed para ir.<\/p>\n\n\n\n<p>Cuando estaba en Tailandia o\u00ed hablar sobre una comunidad llamada Moken. Son n\u00f3mades marinos, lo que significa que obtienen casi todo lo que necesitan del mar. Han tenido un historial de buceo de subsistencia probablemente por miles de a\u00f1os. Comenc\u00e9 a leer e investigar lo que otras personas hab\u00edan hecho y me di cuenta de que nadie hab\u00eda analizado la gen\u00e9tica de los Moken ni otras poblaciones ind\u00edgenas similares.&nbsp;<\/p>\n\n\n\n<p>Le present\u00e9 la idea a mi director de tesis, quien se puso en contacto con Rasmus Nielsen, que es conocido en la comunidad de personas interesadas en la adaptaci\u00f3n y m\u00e1s adelante supervis\u00f3 uno de mis postdoctorados. Dijo que podr\u00eda ser posible examinar la adaptaci\u00f3n en esta poblaci\u00f3n, pero que era muy arriesgado, lo que significaba que estar\u00eda apostando mi doctorado en ello. No lo dud\u00e9 y dije: \u201cde acuerdo, lo har\u00e9\u201d.<\/p>\n\n\n\n<h3 class=\"wp-block-heading\" id=\"h-have-indigenous-populations-resisted-participating-in-your-studies\"><strong>\u00bfLas poblaciones ind\u00edgenas se han negado a participar en sus estudios?<\/strong><\/h3>\n\n\n\n<p>Hay un peque\u00f1o malentendido entre los cient\u00edficos de que las comunidades ind\u00edgenas no quieren participar en investigaciones. En mi experiencia, las comunidades ind\u00edgenas tienen muchas ganas de participar, en especial porque de lo contrario se perder\u00edan los beneficios de esa investigaci\u00f3n. Simplemente quieren que se haga de una manera determinada.<\/p>\n\n\n\n<p>En las comunidades con las que he trabajado no he experimentado ninguna resistencia, pero tambi\u00e9n he ido sin expectativas y dispuesta a conversar. Si en una comunidad me hubieran dicho, \u201cno, no estamos interesados\u201d, ese habr\u00eda sido el final de esa discusi\u00f3n. Lo importante es abordar sus preocupaciones, por lo que entre las preguntas que normalmente hago siempre incluyo lo siguiente: \u201c\u00bfqu\u00e9 es importante para usted?\u201d. \u201cSi colabor\u00e1ramos en un estudio, \u00bfqu\u00e9 le gustar\u00eda saber?\u201d. \u201c\u00bfCu\u00e1les son sus preocupaciones acerca de su participaci\u00f3n en una investigaci\u00f3n?\u201d. \u201c\u00bfEs esto algo que puede interesarle?\u201d. Normalmente, la respuesta a alguna de estas preguntas es s\u00ed.<\/p>\n\n\n\n<p>Otra cuesti\u00f3n es c\u00f3mo explicar el estudio. Los formularios de consentimiento informado contienen mucha informaci\u00f3n sobre lo que los participantes deber\u00e1n hacer, qu\u00e9 medir\u00e1n los investigadores y qu\u00e9 pueden esperar los participantes. Es importante que esa informaci\u00f3n sea tan accesible como sea posible. Si habla con alguien que nunca ha escuchado hablar del ADN o la palabra genoma, \u00bfc\u00f3mo se asegura de que entienda lo que eso significa antes de aceptar entregar su ADN? Deben conocer las implicaciones, lo que usted podr\u00eda hacer con las muestras y c\u00f3mo proteger\u00e1 sus datos.<\/p>\n\n\n\n<p>Pas\u00e9 mucho tiempo en la comunidad dictando talleres y dando charlas para asegurarme de que comprendieran lo que era el ADN, qu\u00e9 significaba la palabra herencia, qu\u00e9 pod\u00eda salir mal y qu\u00e9 sucede cuando escupen en un tubo y me lo entregan.<\/p>\n\n\n\n<div class=\"wp-block-columns is-layout-flex wp-container-core-columns-is-layout-9d6595d7 wp-block-columns-is-layout-flex\">\n<div class=\"wp-block-column is-layout-flow wp-block-column-is-layout-flow\" style=\"flex-basis:55%\">\n<figure class=\"wp-block-image size-full\"><img loading=\"lazy\" decoding=\"async\" width=\"497\" height=\"300\" src=\"https:\/\/world.dan.org\/wp-content\/uploads\/2024\/04\/Q1_126_Researcher-500x300-1.jpg\" alt=\"Ilardo performs a spleen size ultrasound on a Bajau diver in his home.\" class=\"wp-image-26683\" srcset=\"https:\/\/world.dan.org\/wp-content\/uploads\/2024\/04\/Q1_126_Researcher-500x300-1.jpg 497w, https:\/\/world.dan.org\/wp-content\/uploads\/2024\/04\/Q1_126_Researcher-500x300-1-360x217.jpg 360w, https:\/\/world.dan.org\/wp-content\/uploads\/2024\/04\/Q1_126_Researcher-500x300-1-18x12.jpg 18w\" sizes=\"auto, (max-width: 497px) 100vw, 497px\" \/><figcaption class=\"wp-element-caption\">Ilardo realiza una ecograf\u00eda del tama\u00f1o del bazo en un buzo Bajau en su hogar\n\u00a9 PETER DAAMGAARD<\/figcaption><\/figure>\n<\/div>\n\n\n\n<div class=\"wp-block-column is-layout-flow wp-block-column-is-layout-flow\" style=\"flex-basis:45%\">\n<figure class=\"wp-block-image size-full\"><img loading=\"lazy\" decoding=\"async\" width=\"400\" height=\"300\" src=\"https:\/\/world.dan.org\/wp-content\/uploads\/2024\/04\/Q1_127_Researcher-400x300-1.jpg\" alt=\"A Bajau diver waits to spear a fish.\" class=\"wp-image-26684\" srcset=\"https:\/\/world.dan.org\/wp-content\/uploads\/2024\/04\/Q1_127_Researcher-400x300-1.jpg 400w, https:\/\/world.dan.org\/wp-content\/uploads\/2024\/04\/Q1_127_Researcher-400x300-1-360x270.jpg 360w, https:\/\/world.dan.org\/wp-content\/uploads\/2024\/04\/Q1_127_Researcher-400x300-1-16x12.jpg 16w\" sizes=\"auto, (max-width: 400px) 100vw, 400px\" \/><figcaption class=\"wp-element-caption\">Un buzo Bajau espera para arponear un pez\n\u00a9 MELISSA LLARDO<\/figcaption><\/figure>\n<\/div>\n<\/div>\n\n\n\n<h3 class=\"wp-block-heading\" id=\"h-have-any-genetic-differences-been-found-between-sea-nomads-and-other-populations\"><strong>\u00bfSe han encontrado diferencias gen\u00e9ticas entre los n\u00f3mades marinos y otras poblaciones?<\/strong><\/h3>\n\n\n\n<p>Nuestro estudio sobre el pueblo Bajau de Indonesia descubri\u00f3 que sus bazos son m\u00e1s grandes que los de las personas de poblaciones aleda\u00f1as. Cuando una persona contiene la respiraci\u00f3n y sumerge la cara en agua, suceden varias cosas. Una es la contracci\u00f3n del bazo, que los investigadores han observado en focas y humanos.&nbsp;<\/p>\n\n\n\n<p>Sabemos que esta contracci\u00f3n del bazo aumenta la cantidad de gl\u00f3bulos rojos circulantes. Debido a que los gl\u00f3bulos rojos transportan ox\u00edgeno, hay m\u00e1s ox\u00edgeno disponible despu\u00e9s de la contracci\u00f3n del bazo, lo que puede prolongar el tiempo de buceo. Pudimos vincular eso con una variante gen\u00e9tica que aparentemente aumenta los niveles de la hormona tiroidea, lo que luego aumenta el tama\u00f1o del bazo.&nbsp;<\/p>\n\n\n\n<p>No obstante, no conocemos la causa y el efecto con exactitud, y es posible que haya otro mecanismo involucrado que haya aumentado el tama\u00f1o del bazo como un efecto secundario de la variante. La variante tambi\u00e9n puede aumentar los gl\u00f3bulos rojos, pero eso no se ha comprobado.<\/p>\n\n\n\n<h3 class=\"wp-block-heading\" id=\"h-what-would-you-like-to-see-in-your-field-in-the-future\"><strong>\u00bfQu\u00e9 le gustar\u00eda ver en su campo en el futuro?<\/strong><\/h3>\n\n\n\n<p>Me gustar\u00eda ver a m\u00e1s personas de comunidades ind\u00edgenas involucradas en la investigaci\u00f3n. Hay mucho margen para fomentar la capacidad en estas comunidades, lo que les permitir\u00eda realizar esta investigaci\u00f3n ellos mismos, para que no sean investigadores blancos europeos como yo los que trabajen en los genomas de ind\u00edgenas. Un gran ejemplo del trabajo realizado en esta \u00e1rea est\u00e1 en el Centro Nacional del Genoma de Ind\u00edgenas (National Centre for Indigenous Genomics) de la Universidad Nacional Australiana ( Australian National University), un centro comunitario con investigadores abor\u00edgenes.<\/p>\n\n\n\n<p>Sin embargo, cient\u00edficamente muchas comunidades han sido ignoradas en el pasado, lo que es perjudicial para la investigaci\u00f3n de salud. Me gustar\u00eda ver m\u00e1s de estas comunidades celebradas por lo que las hace tan extraordinarias.&nbsp;<\/p>\n\n\n\n<div style=\"height:20px\" aria-hidden=\"true\" class=\"wp-block-spacer\"><\/div>\n\n\n\n<hr class=\"wp-block-separator has-text-color has-dan-light-gray-color has-alpha-channel-opacity has-dan-light-gray-background-color has-background is-style-wide\"\/>\n\n\n\n<div style=\"height:20px\" aria-hidden=\"true\" class=\"wp-block-spacer\"><\/div>\n\n\n\n<h2 class=\"wp-block-heading\" id=\"h-explore-more\"><strong>Explore M\u00e1s<\/strong><\/h2>\n\n\n\n<p>Obtenga m\u00e1s informaci\u00f3n sobre la investigaci\u00f3n sobre n\u00f3mades marinos de Melissa Ilardo en este video.<\/p>\n\n\n\n<figure class=\"wp-block-embed is-type-video is-provider-youtube wp-block-embed-youtube wp-embed-aspect-16-9 wp-has-aspect-ratio\"><div class=\"wp-block-embed__wrapper\">\n<iframe loading=\"lazy\" title=\"Enlarged spleen key to diving endurance of \u2018sea nomads\u2019\" width=\"640\" height=\"360\" src=\"https:\/\/www.youtube.com\/embed\/Zj5WcThCiH4?feature=oembed\" frameborder=\"0\" allow=\"accelerometer; autoplay; clipboard-write; encrypted-media; gyroscope; picture-in-picture; web-share\" referrerpolicy=\"strict-origin-when-cross-origin\" allowfullscreen><\/iframe>\n<\/div><\/figure>\n\n\n\n<div style=\"height:20px\" aria-hidden=\"true\" class=\"wp-block-spacer\"><\/div>\n\n\n\n<hr class=\"wp-block-separator has-text-color has-dan-light-gray-color has-alpha-channel-opacity has-dan-light-gray-background-color has-background is-style-wide\"\/>\n\n\n\n<p class=\"has-small-font-size\">\u00a9&nbsp;<em>Alert Diver<\/em>&nbsp;\u2014 Q1 2024<\/p>","protected":false},"excerpt":{"rendered":"<p>Melissa Ilardo, PhD, es una apasionada del trabajo en el inconfundible campo del an\u00e1lisis gen\u00e9tico de individuos, principalmente las poblaciones ind\u00edgenas que se han adaptado a estilos de vida o entornos \u00fanicos.<\/p>","protected":false},"featured_media":26681,"template":"","dan_alert_diver_categories":[466],"dan_alert_diver_issues":[489],"class_list":["post-26679","dan_alert_diver","type-dan_alert_diver","status-publish","has-post-thumbnail","hentry","dan_alert_diver_categories-researcher-profile","dan_alert_diver_issues-q1-2024"],"acf":[],"yoast_head":"<!-- This site is optimized with the Yoast SEO Premium plugin v27.4 (Yoast SEO v27.4) - https:\/\/yoast.com\/product\/yoast-seo-premium-wordpress\/ -->\n<title>Melissa Ilardo - DAN World<\/title>\n<meta name=\"description\" content=\"Melissa Ilardo, PhD, is passionate about working in the distinct field of genetic analyses on individuals, primarily in Indigenous populations who have adapted to unique lifestyles or environments.\" \/>\n<meta name=\"robots\" content=\"index, follow, max-snippet:-1, max-image-preview:large, max-video-preview:-1\" \/>\n<link rel=\"canonical\" href=\"https:\/\/world.dan.org\/es\/alert-diver\/article\/melissa-ilardo\/\" \/>\n<meta property=\"og:locale\" content=\"es_MX\" \/>\n<meta property=\"og:type\" content=\"article\" \/>\n<meta property=\"og:title\" content=\"Melissa Ilardo\" \/>\n<meta property=\"og:description\" content=\"Melissa Ilardo, PhD, is passionate about working in the distinct field of genetic analyses on individuals, primarily in Indigenous populations who have adapted to unique lifestyles or environments.\" \/>\n<meta property=\"og:url\" content=\"https:\/\/world.dan.org\/es\/alert-diver\/article\/melissa-ilardo\/\" \/>\n<meta property=\"og:site_name\" content=\"DAN World\" \/>\n<meta property=\"article:modified_time\" content=\"2024-04-22T16:29:49+00:00\" \/>\n<meta property=\"og:image\" content=\"https:\/\/world.dan.org\/wp-content\/uploads\/2024\/04\/Q1_124_Researcher-1200x600-1.jpg\" \/>\n\t<meta property=\"og:image:width\" content=\"1200\" \/>\n\t<meta property=\"og:image:height\" content=\"600\" \/>\n\t<meta property=\"og:image:type\" content=\"image\/jpeg\" \/>\n<meta name=\"twitter:card\" content=\"summary_large_image\" \/>\n<meta name=\"twitter:description\" content=\"Melissa Ilardo, PhD, is passionate about working in the distinct field of genetic analyses on individuals, primarily in Indigenous populations who have adapted to unique lifestyles or environments.\" \/>\n<meta name=\"twitter:label1\" content=\"Est. reading time\" \/>\n\t<meta name=\"twitter:data1\" content=\"7 minutes\" \/>\n<script type=\"application\/ld+json\" class=\"yoast-schema-graph\">{\"@context\":\"https:\\\/\\\/schema.org\",\"@graph\":[{\"@type\":\"WebPage\",\"@id\":\"https:\\\/\\\/world.dan.org\\\/alert-diver\\\/article\\\/melissa-ilardo\\\/\",\"url\":\"https:\\\/\\\/world.dan.org\\\/alert-diver\\\/article\\\/melissa-ilardo\\\/\",\"name\":\"Melissa Ilardo - DAN World\",\"isPartOf\":{\"@id\":\"https:\\\/\\\/world.dan.org\\\/es\\\/#website\"},\"primaryImageOfPage\":{\"@id\":\"https:\\\/\\\/world.dan.org\\\/alert-diver\\\/article\\\/melissa-ilardo\\\/#primaryimage\"},\"image\":{\"@id\":\"https:\\\/\\\/world.dan.org\\\/alert-diver\\\/article\\\/melissa-ilardo\\\/#primaryimage\"},\"thumbnailUrl\":\"https:\\\/\\\/world.dan.org\\\/wp-content\\\/uploads\\\/2024\\\/04\\\/Q1_124_Researcher-1200x600-1.jpg\",\"datePublished\":\"2024-04-22T16:29:44+00:00\",\"dateModified\":\"2024-04-22T16:29:49+00:00\",\"description\":\"Melissa Ilardo, PhD, is passionate about working in the distinct field of genetic analyses on individuals, primarily in Indigenous populations who have adapted to unique lifestyles or environments.\",\"breadcrumb\":{\"@id\":\"https:\\\/\\\/world.dan.org\\\/alert-diver\\\/article\\\/melissa-ilardo\\\/#breadcrumb\"},\"inLanguage\":\"es-MX\",\"potentialAction\":[{\"@type\":\"ReadAction\",\"target\":[\"https:\\\/\\\/world.dan.org\\\/alert-diver\\\/article\\\/melissa-ilardo\\\/\"]}]},{\"@type\":\"ImageObject\",\"inLanguage\":\"es-MX\",\"@id\":\"https:\\\/\\\/world.dan.org\\\/alert-diver\\\/article\\\/melissa-ilardo\\\/#primaryimage\",\"url\":\"https:\\\/\\\/world.dan.org\\\/wp-content\\\/uploads\\\/2024\\\/04\\\/Q1_124_Researcher-1200x600-1.jpg\",\"contentUrl\":\"https:\\\/\\\/world.dan.org\\\/wp-content\\\/uploads\\\/2024\\\/04\\\/Q1_124_Researcher-1200x600-1.jpg\",\"width\":1200,\"height\":600,\"caption\":\"Ilardo with community members from the Bajau village \u00a9 PETER DAAMGAARD\"},{\"@type\":\"BreadcrumbList\",\"@id\":\"https:\\\/\\\/world.dan.org\\\/alert-diver\\\/article\\\/melissa-ilardo\\\/#breadcrumb\",\"itemListElement\":[{\"@type\":\"ListItem\",\"position\":1,\"name\":\"Home\",\"item\":\"https:\\\/\\\/world.dan.org\\\/\"},{\"@type\":\"ListItem\",\"position\":2,\"name\":\"Melissa Ilardo\"}]},{\"@type\":\"WebSite\",\"@id\":\"https:\\\/\\\/world.dan.org\\\/es\\\/#website\",\"url\":\"https:\\\/\\\/world.dan.org\\\/es\\\/\",\"name\":\"DAN World\",\"description\":\"\",\"publisher\":{\"@id\":\"https:\\\/\\\/world.dan.org\\\/es\\\/#organization\"},\"potentialAction\":[{\"@type\":\"SearchAction\",\"target\":{\"@type\":\"EntryPoint\",\"urlTemplate\":\"https:\\\/\\\/world.dan.org\\\/es\\\/?s={search_term_string}\"},\"query-input\":{\"@type\":\"PropertyValueSpecification\",\"valueRequired\":true,\"valueName\":\"search_term_string\"}}],\"inLanguage\":\"es-MX\"},{\"@type\":\"Organization\",\"@id\":\"https:\\\/\\\/world.dan.org\\\/es\\\/#organization\",\"name\":\"DAN World\",\"url\":\"https:\\\/\\\/world.dan.org\\\/es\\\/\",\"logo\":{\"@type\":\"ImageObject\",\"inLanguage\":\"es-MX\",\"@id\":\"https:\\\/\\\/world.dan.org\\\/es\\\/#\\\/schema\\\/logo\\\/image\\\/\",\"url\":\"https:\\\/\\\/world.dan.org\\\/wp-content\\\/uploads\\\/2022\\\/04\\\/DAN-World-logo-sm-52px.svg\",\"contentUrl\":\"https:\\\/\\\/world.dan.org\\\/wp-content\\\/uploads\\\/2022\\\/04\\\/DAN-World-logo-sm-52px.svg\",\"width\":175,\"height\":52,\"caption\":\"DAN World\"},\"image\":{\"@id\":\"https:\\\/\\\/world.dan.org\\\/es\\\/#\\\/schema\\\/logo\\\/image\\\/\"}}]}<\/script>\n<!-- \/ Yoast SEO Premium plugin. -->","yoast_head_json":{"title":"Melissa Ilardo - DAN World","description":"Melissa Ilardo, PhD, es una apasionada del trabajo en el inconfundible campo del an\u00e1lisis gen\u00e9tico de individuos, principalmente las poblaciones ind\u00edgenas que se han adaptado a estilos de vida o entornos \u00fanicos.","robots":{"index":"index","follow":"follow","max-snippet":"max-snippet:-1","max-image-preview":"max-image-preview:large","max-video-preview":"max-video-preview:-1"},"canonical":"https:\/\/world.dan.org\/es\/alert-diver\/article\/melissa-ilardo\/","og_locale":"es_MX","og_type":"article","og_title":"Melissa Ilardo","og_description":"Melissa Ilardo, PhD, is passionate about working in the distinct field of genetic analyses on individuals, primarily in Indigenous populations who have adapted to unique lifestyles or environments.","og_url":"https:\/\/world.dan.org\/es\/alert-diver\/article\/melissa-ilardo\/","og_site_name":"DAN World","article_modified_time":"2024-04-22T16:29:49+00:00","og_image":[{"width":1200,"height":600,"url":"https:\/\/world.dan.org\/wp-content\/uploads\/2024\/04\/Q1_124_Researcher-1200x600-1.jpg","type":"image\/jpeg"}],"twitter_card":"summary_large_image","twitter_description":"Melissa Ilardo, PhD, is passionate about working in the distinct field of genetic analyses on individuals, primarily in Indigenous populations who have adapted to unique lifestyles or environments.","twitter_misc":{"Est. reading time":"7 minutes"},"schema":{"@context":"https:\/\/schema.org","@graph":[{"@type":"WebPage","@id":"https:\/\/world.dan.org\/alert-diver\/article\/melissa-ilardo\/","url":"https:\/\/world.dan.org\/alert-diver\/article\/melissa-ilardo\/","name":"Melissa Ilardo - DAN World","isPartOf":{"@id":"https:\/\/world.dan.org\/es\/#website"},"primaryImageOfPage":{"@id":"https:\/\/world.dan.org\/alert-diver\/article\/melissa-ilardo\/#primaryimage"},"image":{"@id":"https:\/\/world.dan.org\/alert-diver\/article\/melissa-ilardo\/#primaryimage"},"thumbnailUrl":"https:\/\/world.dan.org\/wp-content\/uploads\/2024\/04\/Q1_124_Researcher-1200x600-1.jpg","datePublished":"2024-04-22T16:29:44+00:00","dateModified":"2024-04-22T16:29:49+00:00","description":"Melissa Ilardo, PhD, es una apasionada del trabajo en el inconfundible campo del an\u00e1lisis gen\u00e9tico de individuos, principalmente las poblaciones ind\u00edgenas que se han adaptado a estilos de vida o entornos \u00fanicos.","breadcrumb":{"@id":"https:\/\/world.dan.org\/alert-diver\/article\/melissa-ilardo\/#breadcrumb"},"inLanguage":"es-MX","potentialAction":[{"@type":"ReadAction","target":["https:\/\/world.dan.org\/alert-diver\/article\/melissa-ilardo\/"]}]},{"@type":"ImageObject","inLanguage":"es-MX","@id":"https:\/\/world.dan.org\/alert-diver\/article\/melissa-ilardo\/#primaryimage","url":"https:\/\/world.dan.org\/wp-content\/uploads\/2024\/04\/Q1_124_Researcher-1200x600-1.jpg","contentUrl":"https:\/\/world.dan.org\/wp-content\/uploads\/2024\/04\/Q1_124_Researcher-1200x600-1.jpg","width":1200,"height":600,"caption":"Ilardo with community members from the Bajau village \u00a9 PETER DAAMGAARD"},{"@type":"BreadcrumbList","@id":"https:\/\/world.dan.org\/alert-diver\/article\/melissa-ilardo\/#breadcrumb","itemListElement":[{"@type":"ListItem","position":1,"name":"Home","item":"https:\/\/world.dan.org\/"},{"@type":"ListItem","position":2,"name":"Melissa Ilardo"}]},{"@type":"WebSite","@id":"https:\/\/world.dan.org\/es\/#website","url":"https:\/\/world.dan.org\/es\/","name":"DAN World","description":"","publisher":{"@id":"https:\/\/world.dan.org\/es\/#organization"},"potentialAction":[{"@type":"SearchAction","target":{"@type":"EntryPoint","urlTemplate":"https:\/\/world.dan.org\/es\/?s={search_term_string}"},"query-input":{"@type":"PropertyValueSpecification","valueRequired":true,"valueName":"search_term_string"}}],"inLanguage":"es-MX"},{"@type":"Organization","@id":"https:\/\/world.dan.org\/es\/#organization","name":"DAN World","url":"https:\/\/world.dan.org\/es\/","logo":{"@type":"ImageObject","inLanguage":"es-MX","@id":"https:\/\/world.dan.org\/es\/#\/schema\/logo\/image\/","url":"https:\/\/world.dan.org\/wp-content\/uploads\/2022\/04\/DAN-World-logo-sm-52px.svg","contentUrl":"https:\/\/world.dan.org\/wp-content\/uploads\/2022\/04\/DAN-World-logo-sm-52px.svg","width":175,"height":52,"caption":"DAN World"},"image":{"@id":"https:\/\/world.dan.org\/es\/#\/schema\/logo\/image\/"}}]}},"_links":{"self":[{"href":"https:\/\/world.dan.org\/es\/wp-json\/wp\/v2\/dan_alert_diver\/26679","targetHints":{"allow":["GET"]}}],"collection":[{"href":"https:\/\/world.dan.org\/es\/wp-json\/wp\/v2\/dan_alert_diver"}],"about":[{"href":"https:\/\/world.dan.org\/es\/wp-json\/wp\/v2\/types\/dan_alert_diver"}],"wp:featuredmedia":[{"embeddable":true,"href":"https:\/\/world.dan.org\/es\/wp-json\/wp\/v2\/media\/26681"}],"wp:attachment":[{"href":"https:\/\/world.dan.org\/es\/wp-json\/wp\/v2\/media?parent=26679"}],"wp:term":[{"taxonomy":"dan_alert_diver_categories","embeddable":true,"href":"https:\/\/world.dan.org\/es\/wp-json\/wp\/v2\/dan_alert_diver_categories?post=26679"},{"taxonomy":"dan_alert_diver_issues","embeddable":true,"href":"https:\/\/world.dan.org\/es\/wp-json\/wp\/v2\/dan_alert_diver_issues?post=26679"}],"curies":[{"name":"wp","href":"https:\/\/api.w.org\/{rel}","templated":true}]}}